{"id":13335,"date":"2022-10-06T19:29:43","date_gmt":"2022-10-06T19:29:43","guid":{"rendered":"https:\/\/www.claudel.org\/?post_type=product&#038;p=13335"},"modified":"2024-10-16T17:17:23","modified_gmt":"2024-10-16T17:17:23","slug":"trousse-noire","status":"publish","type":"product","link":"https:\/\/www.claudel.org\/en\/produit\/trousse-noire\/","title":{"rendered":"Trousse noire"},"content":{"rendered":"<p style=\"text-align: justify;\">La trousse noire lyc\u00e9e Claudel est un mod\u00e8le qui plaira aussi bien aux filles qu&#8217;aux gar\u00e7ons, sans distinction d&#8217;\u00e2ge. Son grand compartiment unique ferm\u00e9 par une zip permet de transporter toutes les stylos et sa anse de transport la rend facilement transportable. Cette trousse fabriqu\u00e9e en polyester \u00e0 100% est solide et l&#8217;int\u00e9rieur est facile \u00e0 nettoyer. Elle offre une grande capacit\u00e9 de stockage : 20,5 x 7 x 6 cm.<\/p>\n<ul>\n<li style=\"text-align: justify;\">Nettoyage facile de l&#8217;int\u00e9rieur<\/li>\n<li style=\"text-align: justify;\">Anse de transport<\/li>\n<li style=\"text-align: justify;\">Compartiment principal avec fermeture \u00e0 glissi\u00e8re<\/li>\n<li style=\"text-align: justify;\">Capacit\u00e9 : 1L<\/li>\n<li style=\"text-align: justify;\">Dimensions : 20,5 x 7 x 6 cm<\/li>\n<\/ul>\n","protected":false},"excerpt":{"rendered":"<p>La trousse noire lyc\u00e9e Claudel est un mod\u00e8le qui plaira aussi bien aux filles qu&#8217;aux gar\u00e7ons, sans distinction d&#8217;\u00e2ge. Son grand compartiment unique ferm\u00e9 par une zip permet de transporter toutes les stylos et sa anse de transport la rend facilement transportable. Cette trousse fabriqu\u00e9e en polyester \u00e0 100% est solide et l&#8217;int\u00e9rieur est facile &hellip; <\/p>\n","protected":false},"featured_media":13336,"comment_status":"closed","ping_status":"closed","template":"","meta":{"_acf_changed":false},"product_brand":[],"product_cat":[39],"product_tag":[],"class_list":{"0":"post-13335","1":"product","2":"type-product","3":"status-publish","4":"has-post-thumbnail","6":"product_cat-accessories","8":"first","9":"outofstock","10":"shipping-taxable","11":"purchasable","12":"product-type-simple"},"acf":[],"yoast_head":"<!-- This site is optimized with the Yoast SEO plugin v27.4 - https:\/\/yoast.com\/product\/yoast-seo-wordpress\/ -->\n<title>Trousse noire &#8211; Lyc\u00e9e Claudel | L&#039;\u00e9cole fran\u00e7aise internationale d&#039;Ottawa<\/title>\n<meta name=\"description\" content=\"La trousse grise lyc\u00e9e Claudel est un mod\u00e8le qui plaira aussi bien aux filles qu&#039;aux gar\u00e7ons, sans distinction d&#039;\u00e2ge. Son grand compartiment unique ferm\u00e9 par une zip permet de transporter toutes les stylos et sa anse de transport la rend facilement transportable. Cette trousse fabriqu\u00e9e en polyester \u00e0 100% est solide et l&#039;int\u00e9rieur est facile \u00e0 nettoyer. Elle offre une grande capacit\u00e9 de stockage : 20,5 x 7 x 6 cm.\" \/>\n<meta name=\"robots\" content=\"noindex, follow\" \/>\n<meta property=\"og:locale\" content=\"en_US\" \/>\n<meta property=\"og:type\" content=\"article\" \/>\n<meta property=\"og:title\" content=\"Trousse noire &#8211; Lyc\u00e9e Claudel | L&#039;\u00e9cole fran\u00e7aise internationale d&#039;Ottawa\" \/>\n<meta property=\"og:description\" content=\"La trousse grise lyc\u00e9e Claudel est un mod\u00e8le qui plaira aussi bien aux filles qu&#039;aux gar\u00e7ons, sans distinction d&#039;\u00e2ge. Son grand compartiment unique ferm\u00e9 par une zip permet de transporter toutes les stylos et sa anse de transport la rend facilement transportable. Cette trousse fabriqu\u00e9e en polyester \u00e0 100% est solide et l&#039;int\u00e9rieur est facile \u00e0 nettoyer. Elle offre une grande capacit\u00e9 de stockage : 20,5 x 7 x 6 cm.\" \/>\n<meta property=\"og:url\" content=\"https:\/\/www.claudel.org\/en\/produit\/trousse-noire\/\" \/>\n<meta property=\"og:site_name\" content=\"Lyc\u00e9e Claudel | L&#039;\u00e9cole fran\u00e7aise internationale d&#039;Ottawa\" \/>\n<meta property=\"article:publisher\" content=\"https:\/\/www.facebook.com\/lycee.claudelottawa\" \/>\n<meta property=\"article:modified_time\" content=\"2024-10-16T17:17:23+00:00\" \/>\n<meta property=\"og:image\" content=\"https:\/\/www.claudel.org\/wp-content\/uploads\/2022\/10\/DSC00764-2-scaled.jpg\" \/>\n\t<meta property=\"og:image:width\" content=\"2560\" \/>\n\t<meta property=\"og:image:height\" content=\"1707\" \/>\n\t<meta property=\"og:image:type\" content=\"image\/jpeg\" \/>\n<meta name=\"twitter:card\" content=\"summary_large_image\" \/>\n<meta name=\"twitter:site\" content=\"@lyceeclaudel\" \/>\n<meta name=\"twitter:label1\" content=\"Est. reading time\" \/>\n\t<meta name=\"twitter:data1\" content=\"1 minute\" \/>\n<script type=\"application\/ld+json\" class=\"yoast-schema-graph\">{\"@context\":\"https:\\\/\\\/schema.org\",\"@graph\":[{\"@type\":\"WebPage\",\"@id\":\"https:\\\/\\\/www.claudel.org\\\/en\\\/produit\\\/trousse-noire\\\/\",\"url\":\"https:\\\/\\\/www.claudel.org\\\/en\\\/produit\\\/trousse-noire\\\/\",\"name\":\"Trousse noire &#8211; Lyc\u00e9e Claudel | L&#039;\u00e9cole fran\u00e7aise internationale d&#039;Ottawa\",\"isPartOf\":{\"@id\":\"https:\\\/\\\/www.claudel.org\\\/en\\\/#website\"},\"primaryImageOfPage\":{\"@id\":\"https:\\\/\\\/www.claudel.org\\\/en\\\/produit\\\/trousse-noire\\\/#primaryimage\"},\"image\":{\"@id\":\"https:\\\/\\\/www.claudel.org\\\/en\\\/produit\\\/trousse-noire\\\/#primaryimage\"},\"thumbnailUrl\":\"https:\\\/\\\/www.claudel.org\\\/wp-content\\\/uploads\\\/2022\\\/10\\\/DSC00764-2-scaled.jpg\",\"datePublished\":\"2022-10-06T19:29:43+00:00\",\"dateModified\":\"2024-10-16T17:17:23+00:00\",\"description\":\"La trousse grise lyc\u00e9e Claudel est un mod\u00e8le qui plaira aussi bien aux filles qu'aux gar\u00e7ons, sans distinction d'\u00e2ge. Son grand compartiment unique ferm\u00e9 par une zip permet de transporter toutes les stylos et sa anse de transport la rend facilement transportable. Cette trousse fabriqu\u00e9e en polyester \u00e0 100% est solide et l'int\u00e9rieur est facile \u00e0 nettoyer. Elle offre une grande capacit\u00e9 de stockage : 20,5 x 7 x 6 cm.\",\"breadcrumb\":{\"@id\":\"https:\\\/\\\/www.claudel.org\\\/en\\\/produit\\\/trousse-noire\\\/#breadcrumb\"},\"inLanguage\":\"en-US\",\"potentialAction\":[{\"@type\":\"ReadAction\",\"target\":[\"https:\\\/\\\/www.claudel.org\\\/en\\\/produit\\\/trousse-noire\\\/\"]}]},{\"@type\":\"ImageObject\",\"inLanguage\":\"en-US\",\"@id\":\"https:\\\/\\\/www.claudel.org\\\/en\\\/produit\\\/trousse-noire\\\/#primaryimage\",\"url\":\"https:\\\/\\\/www.claudel.org\\\/wp-content\\\/uploads\\\/2022\\\/10\\\/DSC00764-2-scaled.jpg\",\"contentUrl\":\"https:\\\/\\\/www.claudel.org\\\/wp-content\\\/uploads\\\/2022\\\/10\\\/DSC00764-2-scaled.jpg\",\"width\":2560,\"height\":1707},{\"@type\":\"BreadcrumbList\",\"@id\":\"https:\\\/\\\/www.claudel.org\\\/en\\\/produit\\\/trousse-noire\\\/#breadcrumb\",\"itemListElement\":[{\"@type\":\"ListItem\",\"position\":1,\"name\":\"Home\",\"item\":\"https:\\\/\\\/www.claudel.org\\\/en\\\/\"},{\"@type\":\"ListItem\",\"position\":2,\"name\":\"Boutique\",\"item\":\"https:\\\/\\\/www.claudel.org\\\/boutique\\\/\"},{\"@type\":\"ListItem\",\"position\":3,\"name\":\"Trousse noire\"}]},{\"@type\":\"WebSite\",\"@id\":\"https:\\\/\\\/www.claudel.org\\\/en\\\/#website\",\"url\":\"https:\\\/\\\/www.claudel.org\\\/en\\\/\",\"name\":\"Lyc\u00e9e Claudel | L'\u00e9cole fran\u00e7aise internationale d'Ottawa\",\"description\":\"L&#039;\u00e9cole fran\u00e7aise internationale d&#039;Ottawa\",\"publisher\":{\"@id\":\"https:\\\/\\\/www.claudel.org\\\/en\\\/#organization\"},\"potentialAction\":[{\"@type\":\"SearchAction\",\"target\":{\"@type\":\"EntryPoint\",\"urlTemplate\":\"https:\\\/\\\/www.claudel.org\\\/en\\\/?s={search_term_string}\"},\"query-input\":{\"@type\":\"PropertyValueSpecification\",\"valueRequired\":true,\"valueName\":\"search_term_string\"}}],\"inLanguage\":\"en-US\"},{\"@type\":\"Organization\",\"@id\":\"https:\\\/\\\/www.claudel.org\\\/en\\\/#organization\",\"name\":\"Lyc\u00e9e Claudel d'Ottawa\",\"url\":\"https:\\\/\\\/www.claudel.org\\\/en\\\/\",\"logo\":{\"@type\":\"ImageObject\",\"inLanguage\":\"en-US\",\"@id\":\"https:\\\/\\\/www.claudel.org\\\/en\\\/#\\\/schema\\\/logo\\\/image\\\/\",\"url\":\"https:\\\/\\\/www.claudel.org\\\/wp-content\\\/uploads\\\/2020\\\/11\\\/Logo_LC_Label_Couleur.png\",\"contentUrl\":\"https:\\\/\\\/www.claudel.org\\\/wp-content\\\/uploads\\\/2020\\\/11\\\/Logo_LC_Label_Couleur.png\",\"width\":1830,\"height\":770,\"caption\":\"Lyc\u00e9e Claudel d'Ottawa\"},\"image\":{\"@id\":\"https:\\\/\\\/www.claudel.org\\\/en\\\/#\\\/schema\\\/logo\\\/image\\\/\"},\"sameAs\":[\"https:\\\/\\\/www.facebook.com\\\/lycee.claudelottawa\",\"https:\\\/\\\/x.com\\\/lyceeclaudel\",\"https:\\\/\\\/www.linkedin.com\\\/school\\\/lyc\u00e9e-claudel-d'ottawa\",\"https:\\\/\\\/vimeo.com\\\/lyceeclaudel\"]}]}<\/script>\n<!-- \/ Yoast SEO plugin. -->","yoast_head_json":{"title":"Trousse noire &#8211; Lyc\u00e9e Claudel | L&#039;\u00e9cole fran\u00e7aise internationale d&#039;Ottawa","description":"La trousse grise lyc\u00e9e Claudel est un mod\u00e8le qui plaira aussi bien aux filles qu'aux gar\u00e7ons, sans distinction d'\u00e2ge. Son grand compartiment unique ferm\u00e9 par une zip permet de transporter toutes les stylos et sa anse de transport la rend facilement transportable. Cette trousse fabriqu\u00e9e en polyester \u00e0 100% est solide et l'int\u00e9rieur est facile \u00e0 nettoyer. Elle offre une grande capacit\u00e9 de stockage : 20,5 x 7 x 6 cm.","robots":{"index":"noindex","follow":"follow"},"og_locale":"en_US","og_type":"article","og_title":"Trousse noire &#8211; Lyc\u00e9e Claudel | L&#039;\u00e9cole fran\u00e7aise internationale d&#039;Ottawa","og_description":"La trousse grise lyc\u00e9e Claudel est un mod\u00e8le qui plaira aussi bien aux filles qu'aux gar\u00e7ons, sans distinction d'\u00e2ge. Son grand compartiment unique ferm\u00e9 par une zip permet de transporter toutes les stylos et sa anse de transport la rend facilement transportable. Cette trousse fabriqu\u00e9e en polyester \u00e0 100% est solide et l'int\u00e9rieur est facile \u00e0 nettoyer. Elle offre une grande capacit\u00e9 de stockage : 20,5 x 7 x 6 cm.","og_url":"https:\/\/www.claudel.org\/en\/produit\/trousse-noire\/","og_site_name":"Lyc\u00e9e Claudel | L&#039;\u00e9cole fran\u00e7aise internationale d&#039;Ottawa","article_publisher":"https:\/\/www.facebook.com\/lycee.claudelottawa","article_modified_time":"2024-10-16T17:17:23+00:00","og_image":[{"width":2560,"height":1707,"url":"https:\/\/www.claudel.org\/wp-content\/uploads\/2022\/10\/DSC00764-2-scaled.jpg","type":"image\/jpeg"}],"twitter_card":"summary_large_image","twitter_site":"@lyceeclaudel","twitter_misc":{"Est. reading time":"1 minute"},"schema":{"@context":"https:\/\/schema.org","@graph":[{"@type":"WebPage","@id":"https:\/\/www.claudel.org\/en\/produit\/trousse-noire\/","url":"https:\/\/www.claudel.org\/en\/produit\/trousse-noire\/","name":"Trousse noire &#8211; Lyc\u00e9e Claudel | L&#039;\u00e9cole fran\u00e7aise internationale d&#039;Ottawa","isPartOf":{"@id":"https:\/\/www.claudel.org\/en\/#website"},"primaryImageOfPage":{"@id":"https:\/\/www.claudel.org\/en\/produit\/trousse-noire\/#primaryimage"},"image":{"@id":"https:\/\/www.claudel.org\/en\/produit\/trousse-noire\/#primaryimage"},"thumbnailUrl":"https:\/\/www.claudel.org\/wp-content\/uploads\/2022\/10\/DSC00764-2-scaled.jpg","datePublished":"2022-10-06T19:29:43+00:00","dateModified":"2024-10-16T17:17:23+00:00","description":"La trousse grise lyc\u00e9e Claudel est un mod\u00e8le qui plaira aussi bien aux filles qu'aux gar\u00e7ons, sans distinction d'\u00e2ge. Son grand compartiment unique ferm\u00e9 par une zip permet de transporter toutes les stylos et sa anse de transport la rend facilement transportable. Cette trousse fabriqu\u00e9e en polyester \u00e0 100% est solide et l'int\u00e9rieur est facile \u00e0 nettoyer. Elle offre une grande capacit\u00e9 de stockage : 20,5 x 7 x 6 cm.","breadcrumb":{"@id":"https:\/\/www.claudel.org\/en\/produit\/trousse-noire\/#breadcrumb"},"inLanguage":"en-US","potentialAction":[{"@type":"ReadAction","target":["https:\/\/www.claudel.org\/en\/produit\/trousse-noire\/"]}]},{"@type":"ImageObject","inLanguage":"en-US","@id":"https:\/\/www.claudel.org\/en\/produit\/trousse-noire\/#primaryimage","url":"https:\/\/www.claudel.org\/wp-content\/uploads\/2022\/10\/DSC00764-2-scaled.jpg","contentUrl":"https:\/\/www.claudel.org\/wp-content\/uploads\/2022\/10\/DSC00764-2-scaled.jpg","width":2560,"height":1707},{"@type":"BreadcrumbList","@id":"https:\/\/www.claudel.org\/en\/produit\/trousse-noire\/#breadcrumb","itemListElement":[{"@type":"ListItem","position":1,"name":"Home","item":"https:\/\/www.claudel.org\/en\/"},{"@type":"ListItem","position":2,"name":"Boutique","item":"https:\/\/www.claudel.org\/boutique\/"},{"@type":"ListItem","position":3,"name":"Trousse noire"}]},{"@type":"WebSite","@id":"https:\/\/www.claudel.org\/en\/#website","url":"https:\/\/www.claudel.org\/en\/","name":"Lyc\u00e9e Claudel | L'\u00e9cole fran\u00e7aise internationale d'Ottawa","description":"L&#039;\u00e9cole fran\u00e7aise internationale d&#039;Ottawa","publisher":{"@id":"https:\/\/www.claudel.org\/en\/#organization"},"potentialAction":[{"@type":"SearchAction","target":{"@type":"EntryPoint","urlTemplate":"https:\/\/www.claudel.org\/en\/?s={search_term_string}"},"query-input":{"@type":"PropertyValueSpecification","valueRequired":true,"valueName":"search_term_string"}}],"inLanguage":"en-US"},{"@type":"Organization","@id":"https:\/\/www.claudel.org\/en\/#organization","name":"Lyc\u00e9e Claudel d'Ottawa","url":"https:\/\/www.claudel.org\/en\/","logo":{"@type":"ImageObject","inLanguage":"en-US","@id":"https:\/\/www.claudel.org\/en\/#\/schema\/logo\/image\/","url":"https:\/\/www.claudel.org\/wp-content\/uploads\/2020\/11\/Logo_LC_Label_Couleur.png","contentUrl":"https:\/\/www.claudel.org\/wp-content\/uploads\/2020\/11\/Logo_LC_Label_Couleur.png","width":1830,"height":770,"caption":"Lyc\u00e9e Claudel d'Ottawa"},"image":{"@id":"https:\/\/www.claudel.org\/en\/#\/schema\/logo\/image\/"},"sameAs":["https:\/\/www.facebook.com\/lycee.claudelottawa","https:\/\/x.com\/lyceeclaudel","https:\/\/www.linkedin.com\/school\/lyc\u00e9e-claudel-d'ottawa","https:\/\/vimeo.com\/lyceeclaudel"]}]}},"jetpack_sharing_enabled":true,"_links":{"self":[{"href":"https:\/\/www.claudel.org\/en\/wp-json\/wp\/v2\/product\/13335","targetHints":{"allow":["GET"]}}],"collection":[{"href":"https:\/\/www.claudel.org\/en\/wp-json\/wp\/v2\/product"}],"about":[{"href":"https:\/\/www.claudel.org\/en\/wp-json\/wp\/v2\/types\/product"}],"replies":[{"embeddable":true,"href":"https:\/\/www.claudel.org\/en\/wp-json\/wp\/v2\/comments?post=13335"}],"wp:featuredmedia":[{"embeddable":true,"href":"https:\/\/www.claudel.org\/en\/wp-json\/wp\/v2\/media\/13336"}],"wp:attachment":[{"href":"https:\/\/www.claudel.org\/en\/wp-json\/wp\/v2\/media?parent=13335"}],"wp:term":[{"taxonomy":"product_brand","embeddable":true,"href":"https:\/\/www.claudel.org\/en\/wp-json\/wp\/v2\/product_brand?post=13335"},{"taxonomy":"product_cat","embeddable":true,"href":"https:\/\/www.claudel.org\/en\/wp-json\/wp\/v2\/product_cat?post=13335"},{"taxonomy":"product_tag","embeddable":true,"href":"https:\/\/www.claudel.org\/en\/wp-json\/wp\/v2\/product_tag?post=13335"}],"curies":[{"name":"wp","href":"https:\/\/api.w.org\/{rel}","templated":true}]}}